{"id":65829,"date":"2020-02-27T17:59:37","date_gmt":"2020-02-27T16:59:37","guid":{"rendered":"https:\/\/www.pradorey.es\/la-finca\/"},"modified":"2025-12-05T12:41:05","modified_gmt":"2025-12-05T11:41:05","slug":"la-finca","status":"publish","type":"page","link":"https:\/\/pradorey.es\/de\/la-finca\/","title":{"rendered":"La Finca"},"content":{"rendered":"\t\t<div data-elementor-type=\"wp-page\" data-elementor-id=\"65829\" class=\"elementor elementor-65829 elementor-1781\" data-elementor-post-type=\"page\">\n\t\t\t\t<div class=\"elementor-element elementor-element-9fb8ae0 e-flex e-con-boxed elementor-invisible e-con e-parent\" data-id=\"9fb8ae0\" data-element_type=\"container\" data-e-type=\"container\" data-settings=\"{&quot;background_background&quot;:&quot;slideshow&quot;,&quot;animation&quot;:&quot;fadeIn&quot;,&quot;background_slideshow_gallery&quot;:[{&quot;id&quot;:124796,&quot;url&quot;:&quot;https:\\\/\\\/pradorey.es\\\/wp-content\\\/uploads\\\/2022\\\/09\\\/Vinedo2.webp&quot;},{&quot;id&quot;:124586,&quot;url&quot;:&quot;https:\\\/\\\/pradorey.es\\\/wp-content\\\/uploads\\\/2022\\\/09\\\/Finca-1.webp&quot;},{&quot;id&quot;:124719,&quot;url&quot;:&quot;https:\\\/\\\/pradorey.es\\\/wp-content\\\/uploads\\\/2022\\\/09\\\/Uvas.webp&quot;},{&quot;id&quot;:124754,&quot;url&quot;:&quot;https:\\\/\\\/pradorey.es\\\/wp-content\\\/uploads\\\/2022\\\/09\\\/Vinedo-2.webp&quot;},{&quot;id&quot;:124768,&quot;url&quot;:&quot;https:\\\/\\\/pradorey.es\\\/wp-content\\\/uploads\\\/2022\\\/09\\\/Vinedo-4.webp&quot;}],&quot;background_slideshow_transition_duration&quot;:3000,&quot;background_slideshow_ken_burns&quot;:&quot;yes&quot;,&quot;background_slideshow_slide_duration&quot;:3000,&quot;background_slideshow_loop&quot;:&quot;yes&quot;,&quot;background_slideshow_slide_transition&quot;:&quot;fade&quot;,&quot;background_slideshow_ken_burns_zoom_direction&quot;:&quot;in&quot;}\">\n\t\t\t\t\t<div class=\"e-con-inner\">\n\t\t<div class=\"elementor-element elementor-element-ef716e9 e-con-full e-flex e-con e-child\" data-id=\"ef716e9\" data-element_type=\"container\" data-e-type=\"container\">\n\t\t\t\t<div class=\"elementor-element elementor-element-477cd72 animated-slow elementor-invisible elementor-widget elementor-widget-heading\" data-id=\"477cd72\" data-element_type=\"widget\" data-e-type=\"widget\" data-settings=\"{&quot;_animation&quot;:&quot;fadeIn&quot;}\" data-widget_type=\"heading.default\">\n\t\t\t\t<div class=\"elementor-widget-container\">\n\t\t\t\t\t<h1 class=\"elementor-heading-title elementor-size-default\">DAS LANDGUT PRADOREY<\/h1>\t\t\t\t<\/div>\n\t\t\t\t<\/div>\n\t\t\t\t<div class=\"elementor-element elementor-element-0297a43 elementor-widget elementor-widget-heading\" data-id=\"0297a43\" data-element_type=\"widget\" data-e-type=\"widget\" data-widget_type=\"heading.default\">\n\t\t\t\t<div class=\"elementor-widget-container\">\n\t\t\t\t\t<h2 class=\"elementor-heading-title elementor-size-default\">ein Beispiel f\u00fcr Innovation und Nachhaltigkeit<\/h2>\t\t\t\t<\/div>\n\t\t\t\t<\/div>\n\t\t\t\t<\/div>\n\t\t\t\t<div class=\"elementor-element elementor-element-6add6a1 elementor-fixed elementor-widget elementor-widget-image\" data-id=\"6add6a1\" data-element_type=\"widget\" data-e-type=\"widget\" data-settings=\"{&quot;_position&quot;:&quot;fixed&quot;,&quot;motion_fx_motion_fx_scrolling&quot;:&quot;yes&quot;,&quot;motion_fx_opacity_effect&quot;:&quot;yes&quot;,&quot;motion_fx_opacity_direction&quot;:&quot;in-out-in&quot;,&quot;motion_fx_opacity_range&quot;:{&quot;unit&quot;:&quot;%&quot;,&quot;size&quot;:&quot;&quot;,&quot;sizes&quot;:{&quot;start&quot;:1,&quot;end&quot;:19}},&quot;motion_fx_opacity_level&quot;:{&quot;unit&quot;:&quot;px&quot;,&quot;size&quot;:10,&quot;sizes&quot;:[]},&quot;motion_fx_devices&quot;:[&quot;desktop&quot;,&quot;tablet&quot;,&quot;mobile&quot;]}\" data-widget_type=\"image.default\">\n\t\t\t\t<div class=\"elementor-widget-container\">\n\t\t\t\t\t\t\t\t\t\t\t\t\t\t\t\t<a href=\"#ICONS\">\n\t\t\t\t\t\t\t<img decoding=\"async\" width=\"200\" height=\"200\" src=\"https:\/\/pradorey.es\/wp-content\/uploads\/2022\/09\/image.gif\" class=\"attachment-large size-large wp-image-123685\" alt=\"\" \/>\t\t\t\t\t\t\t\t<\/a>\n\t\t\t\t\t\t\t\t\t\t\t\t\t\t\t<\/div>\n\t\t\t\t<\/div>\n\t\t\t\t\t<\/div>\n\t\t\t\t<\/div>\n\t\t<div class=\"elementor-element elementor-element-f1655c9 elementor-hidden-mobile e-flex e-con-boxed e-con e-parent\" data-id=\"f1655c9\" data-element_type=\"container\" data-e-type=\"container\" id=\"ICONS\">\n\t\t\t\t\t<div class=\"e-con-inner\">\n\t\t<div class=\"elementor-element elementor-element-6ef3a7a e-con-full e-flex e-con e-child\" data-id=\"6ef3a7a\" data-element_type=\"container\" data-e-type=\"container\">\n\t\t<div class=\"elementor-element elementor-element-708f22f e-con-full e-flex e-con e-child\" data-id=\"708f22f\" data-element_type=\"container\" data-e-type=\"container\">\n\t\t\t\t<div class=\"elementor-element elementor-element-2dd69d8 elementor-widget elementor-widget-image\" data-id=\"2dd69d8\" data-element_type=\"widget\" data-e-type=\"widget\" data-widget_type=\"image.default\">\n\t\t\t\t<div class=\"elementor-widget-container\">\n\t\t\t\t\t\t\t\t\t\t\t\t\t\t\t\t<a href=\"#Parzellen\">\n\t\t\t\t\t\t\t<img fetchpriority=\"high\" decoding=\"async\" width=\"340\" height=\"404\" src=\"https:\/\/pradorey.es\/wp-content\/uploads\/2018\/05\/pagos-1.png\" class=\"elementor-animation-float attachment-large size-large wp-image-187638\" alt=\"pagos\" srcset=\"https:\/\/pradorey.es\/wp-content\/uploads\/2018\/05\/pagos-1.png 340w, https:\/\/pradorey.es\/wp-content\/uploads\/2018\/05\/pagos-1-252x300.png 252w\" sizes=\"(max-width: 340px) 100vw, 340px\" \/>\t\t\t\t\t\t\t\t<\/a>\n\t\t\t\t\t\t\t\t\t\t\t\t\t\t\t<\/div>\n\t\t\t\t<\/div>\n\t\t\t\t<\/div>\n\t\t<div class=\"elementor-element elementor-element-6cf759b e-con-full e-flex e-con e-child\" data-id=\"6cf759b\" data-element_type=\"container\" data-e-type=\"container\">\n\t\t\t\t<div class=\"elementor-element elementor-element-d3eb549 elementor-widget elementor-widget-image\" data-id=\"d3eb549\" data-element_type=\"widget\" data-e-type=\"widget\" data-widget_type=\"image.default\">\n\t\t\t\t<div class=\"elementor-widget-container\">\n\t\t\t\t\t\t\t\t\t\t\t\t\t\t\t\t<a href=\"#Weingut\">\n\t\t\t\t\t\t\t<img decoding=\"async\" width=\"340\" height=\"404\" src=\"https:\/\/pradorey.es\/wp-content\/uploads\/2018\/05\/bodega-1.png\" class=\"elementor-animation-float attachment-large size-large wp-image-187639\" alt=\"bodega\" srcset=\"https:\/\/pradorey.es\/wp-content\/uploads\/2018\/05\/bodega-1.png 340w, https:\/\/pradorey.es\/wp-content\/uploads\/2018\/05\/bodega-1-252x300.png 252w\" sizes=\"(max-width: 340px) 100vw, 340px\" \/>\t\t\t\t\t\t\t\t<\/a>\n\t\t\t\t\t\t\t\t\t\t\t\t\t\t\t<\/div>\n\t\t\t\t<\/div>\n\t\t\t\t<\/div>\n\t\t<div class=\"elementor-element elementor-element-da1c43e e-con-full e-flex e-con e-child\" data-id=\"da1c43e\" data-element_type=\"container\" data-e-type=\"container\">\n\t\t\t\t<div class=\"elementor-element elementor-element-50aef8d elementor-widget elementor-widget-image\" data-id=\"50aef8d\" data-element_type=\"widget\" data-e-type=\"widget\" data-widget_type=\"image.default\">\n\t\t\t\t<div class=\"elementor-widget-container\">\n\t\t\t\t\t\t\t\t\t\t\t\t\t\t\t\t<a href=\"#Staudamm\">\n\t\t\t\t\t\t\t<img loading=\"lazy\" decoding=\"async\" width=\"340\" height=\"404\" src=\"https:\/\/pradorey.es\/wp-content\/uploads\/2018\/05\/presa-1.png\" class=\"elementor-animation-float attachment-large size-large wp-image-187640\" alt=\"presa\" srcset=\"https:\/\/pradorey.es\/wp-content\/uploads\/2018\/05\/presa-1.png 340w, https:\/\/pradorey.es\/wp-content\/uploads\/2018\/05\/presa-1-252x300.png 252w\" sizes=\"(max-width: 340px) 100vw, 340px\" \/>\t\t\t\t\t\t\t\t<\/a>\n\t\t\t\t\t\t\t\t\t\t\t\t\t\t\t<\/div>\n\t\t\t\t<\/div>\n\t\t\t\t<\/div>\n\t\t<div class=\"elementor-element elementor-element-2edbc69 e-con-full e-flex e-con e-child\" data-id=\"2edbc69\" data-element_type=\"container\" data-e-type=\"container\">\n\t\t\t\t<div class=\"elementor-element elementor-element-2c822c8 elementor-widget elementor-widget-image\" data-id=\"2c822c8\" data-element_type=\"widget\" data-e-type=\"widget\" data-widget_type=\"image.default\">\n\t\t\t\t<div class=\"elementor-widget-container\">\n\t\t\t\t\t\t\t\t\t\t\t\t\t\t\t\t<a href=\"#Gasthaus\">\n\t\t\t\t\t\t\t<img loading=\"lazy\" decoding=\"async\" width=\"340\" height=\"404\" src=\"https:\/\/pradorey.es\/wp-content\/uploads\/2018\/05\/posada-1.png\" class=\"elementor-animation-float attachment-large size-large wp-image-187641\" alt=\"posada\" srcset=\"https:\/\/pradorey.es\/wp-content\/uploads\/2018\/05\/posada-1.png 340w, https:\/\/pradorey.es\/wp-content\/uploads\/2018\/05\/posada-1-252x300.png 252w\" sizes=\"(max-width: 340px) 100vw, 340px\" \/>\t\t\t\t\t\t\t\t<\/a>\n\t\t\t\t\t\t\t\t\t\t\t\t\t\t\t<\/div>\n\t\t\t\t<\/div>\n\t\t\t\t<\/div>\n\t\t<div class=\"elementor-element elementor-element-09e94d7 e-con-full e-flex e-con e-child\" data-id=\"09e94d7\" data-element_type=\"container\" data-e-type=\"container\">\n\t\t\t\t<div class=\"elementor-element elementor-element-af3856a elementor-widget elementor-widget-image\" data-id=\"af3856a\" data-element_type=\"widget\" data-e-type=\"widget\" data-widget_type=\"image.default\">\n\t\t\t\t<div class=\"elementor-widget-container\">\n\t\t\t\t\t\t\t\t\t\t\t\t\t\t\t\t<a href=\"#Kapelle\">\n\t\t\t\t\t\t\t<img loading=\"lazy\" decoding=\"async\" width=\"340\" height=\"404\" src=\"https:\/\/pradorey.es\/wp-content\/uploads\/2018\/05\/ermita-1.png\" class=\"elementor-animation-float attachment-large size-large wp-image-187642\" alt=\"ermita\" srcset=\"https:\/\/pradorey.es\/wp-content\/uploads\/2018\/05\/ermita-1.png 340w, https:\/\/pradorey.es\/wp-content\/uploads\/2018\/05\/ermita-1-252x300.png 252w\" sizes=\"(max-width: 340px) 100vw, 340px\" \/>\t\t\t\t\t\t\t\t<\/a>\n\t\t\t\t\t\t\t\t\t\t\t\t\t\t\t<\/div>\n\t\t\t\t<\/div>\n\t\t\t\t<\/div>\n\t\t<div class=\"elementor-element elementor-element-f0a0a47 e-con-full e-flex e-con e-child\" data-id=\"f0a0a47\" data-element_type=\"container\" data-e-type=\"container\">\n\t\t\t\t<div class=\"elementor-element elementor-element-1d85417 elementor-widget elementor-widget-image\" data-id=\"1d85417\" data-element_type=\"widget\" data-e-type=\"widget\" data-widget_type=\"image.default\">\n\t\t\t\t<div class=\"elementor-widget-container\">\n\t\t\t\t\t\t\t\t\t\t\t\t\t\t\t\t<a href=\"#Milchviehbetrieb\">\n\t\t\t\t\t\t\t<img loading=\"lazy\" decoding=\"async\" width=\"340\" height=\"404\" src=\"https:\/\/pradorey.es\/wp-content\/uploads\/2018\/05\/vaquer\u00eda-1.png\" class=\"elementor-animation-float attachment-large size-large wp-image-187643\" alt=\"vaquer\u00eda\" srcset=\"https:\/\/pradorey.es\/wp-content\/uploads\/2018\/05\/vaquer\u00eda-1.png 340w, https:\/\/pradorey.es\/wp-content\/uploads\/2018\/05\/vaquer\u00eda-1-252x300.png 252w\" sizes=\"(max-width: 340px) 100vw, 340px\" \/>\t\t\t\t\t\t\t\t<\/a>\n\t\t\t\t\t\t\t\t\t\t\t\t\t\t\t<\/div>\n\t\t\t\t<\/div>\n\t\t\t\t<\/div>\n\t\t<div class=\"elementor-element elementor-element-b53b3f3 e-con-full e-flex e-con e-child\" data-id=\"b53b3f3\" data-element_type=\"container\" data-e-type=\"container\">\n\t\t\t\t<div class=\"elementor-element elementor-element-97d8421 elementor-widget elementor-widget-image\" data-id=\"97d8421\" data-element_type=\"widget\" data-e-type=\"widget\" data-widget_type=\"image.default\">\n\t\t\t\t<div class=\"elementor-widget-container\">\n\t\t\t\t\t\t\t\t\t\t\t\t\t\t\t\t<a href=\"#Schafstall\">\n\t\t\t\t\t\t\t<img loading=\"lazy\" decoding=\"async\" width=\"340\" height=\"404\" src=\"https:\/\/pradorey.es\/wp-content\/uploads\/2018\/05\/Apriscos-1.png\" class=\"elementor-animation-float attachment-large size-large wp-image-187644\" alt=\"Apriscos\" srcset=\"https:\/\/pradorey.es\/wp-content\/uploads\/2018\/05\/Apriscos-1.png 340w, https:\/\/pradorey.es\/wp-content\/uploads\/2018\/05\/Apriscos-1-252x300.png 252w\" sizes=\"(max-width: 340px) 100vw, 340px\" \/>\t\t\t\t\t\t\t\t<\/a>\n\t\t\t\t\t\t\t\t\t\t\t\t\t\t\t<\/div>\n\t\t\t\t<\/div>\n\t\t\t\t<\/div>\n\t\t<div class=\"elementor-element elementor-element-d6d13c3 e-con-full e-flex e-con e-child\" data-id=\"d6d13c3\" data-element_type=\"container\" data-e-type=\"container\">\n\t\t\t\t<div class=\"elementor-element elementor-element-ca355bf elementor-widget elementor-widget-image\" data-id=\"ca355bf\" data-element_type=\"widget\" data-e-type=\"widget\" data-widget_type=\"image.default\">\n\t\t\t\t<div class=\"elementor-widget-container\">\n\t\t\t\t\t\t\t\t\t\t\t\t\t\t\t\t<a href=\"#Gem\u00fcsegarten\">\n\t\t\t\t\t\t\t<img loading=\"lazy\" decoding=\"async\" width=\"340\" height=\"404\" src=\"https:\/\/pradorey.es\/wp-content\/uploads\/2018\/05\/huerto-solar-1.png\" class=\"elementor-animation-float attachment-large size-large wp-image-187645\" alt=\"huerto solar\" srcset=\"https:\/\/pradorey.es\/wp-content\/uploads\/2018\/05\/huerto-solar-1.png 340w, https:\/\/pradorey.es\/wp-content\/uploads\/2018\/05\/huerto-solar-1-252x300.png 252w\" sizes=\"(max-width: 340px) 100vw, 340px\" \/>\t\t\t\t\t\t\t\t<\/a>\n\t\t\t\t\t\t\t\t\t\t\t\t\t\t\t<\/div>\n\t\t\t\t<\/div>\n\t\t\t\t<\/div>\n\t\t\t\t<\/div>\n\t\t\t\t\t<\/div>\n\t\t\t\t<\/div>\n\t\t\t\t<section class=\"elementor-section elementor-top-section elementor-element elementor-element-218baa3 elementor-section-stretched elementor-section-boxed elementor-section-height-default elementor-section-height-default\" data-id=\"218baa3\" data-element_type=\"section\" data-e-type=\"section\" data-settings=\"{&quot;background_background&quot;:&quot;gradient&quot;,&quot;stretch_section&quot;:&quot;section-stretched&quot;}\">\n\t\t\t\t\t\t\t<div class=\"elementor-background-overlay\"><\/div>\n\t\t\t\t\t\t\t<div class=\"elementor-container elementor-column-gap-default\">\n\t\t\t\t\t<div class=\"elementor-column elementor-col-100 elementor-top-column elementor-element elementor-element-538909a\" data-id=\"538909a\" data-element_type=\"column\" data-e-type=\"column\">\n\t\t\t<div class=\"elementor-widget-wrap elementor-element-populated\">\n\t\t\t\t\t\t<div class=\"elementor-element elementor-element-f9228f1 elementor-widget elementor-widget-text-editor\" data-id=\"f9228f1\" data-element_type=\"widget\" data-e-type=\"widget\" data-widget_type=\"text-editor.default\">\n\t\t\t\t<div class=\"elementor-widget-container\">\n\t\t\t\t\t\t\t\t\t<p>Wir sind eine Bodega mit Pioniergeist. Wir sind stets bem\u00fcht, die Grenzen und M\u00f6glichkeiten unseres Weinguts auszuloten, indem wir Tradition und technologischen Fortschritt mit dem Respekt vor dem Boden und der Traube verbinden.<\/p>\n<p>Dabei steht immer die maximale Qualit\u00e4t im Vordergrund, wir haben uns der Sorge um die Umwelt verpflichtet und nehmen unsere soziale Verantwortung als Unternehmen wahr. Wir sind nach Lebensmittelsicherheitsstandards wie IFS und BRC zertifiziert. Wir versorgen uns \u00fcber einen Stausee und einen Solarpark selbst mit Strom. Dar\u00fcber hinaus hilft uns die Viehzucht bei der Erzeugung von nat\u00fcrlichem D\u00fcnger f\u00fcr alle unsere Anbauten, wir recyceln alle Abf\u00e4lle, die wir aus unseren Rohstoffen erzeugen, und wir haben den Propanverbrauch reduziert und tragen mit einer nachhaltigeren Produktpolitik dazu bei, unseren Kohlenstoff-Fu\u00dfabdruck zu verringern.<\/p>\n<p>&nbsp;<\/p>\n\t\t\t\t\t\t\t\t<\/div>\n\t\t\t\t<\/div>\n\t\t\t\t\t<\/div>\n\t\t<\/div>\n\t\t\t\t\t<\/div>\n\t\t<\/section>\n\t\t<div class=\"elementor-element elementor-element-189120f e-flex e-con-boxed e-con e-parent\" data-id=\"189120f\" data-element_type=\"container\" data-e-type=\"container\">\n\t\t\t\t\t<div class=\"e-con-inner\">\n\t\t<div class=\"elementor-element elementor-element-ce63bc4 e-con-full e-flex e-con e-child\" data-id=\"ce63bc4\" data-element_type=\"container\" data-e-type=\"container\">\n\t\t\t\t<\/div>\n\t\t<div class=\"elementor-element elementor-element-432f5b2 e-con-full e-flex e-con e-child\" data-id=\"432f5b2\" data-element_type=\"container\" data-e-type=\"container\">\n\t\t\t\t<div class=\"elementor-element elementor-element-9e97336 elementor-widget elementor-widget-image\" data-id=\"9e97336\" data-element_type=\"widget\" data-e-type=\"widget\" data-widget_type=\"image.default\">\n\t\t\t\t<div class=\"elementor-widget-container\">\n\t\t\t\t\t\t\t\t\t\t\t\t\t\t\t<img loading=\"lazy\" decoding=\"async\" width=\"340\" height=\"340\" src=\"https:\/\/pradorey.es\/wp-content\/uploads\/2018\/04\/IFS.png\" class=\"attachment-large size-large wp-image-187646\" alt=\"Certificado IFS Food\" srcset=\"https:\/\/pradorey.es\/wp-content\/uploads\/2018\/04\/IFS.png 340w, https:\/\/pradorey.es\/wp-content\/uploads\/2018\/04\/IFS-150x150.png 150w, https:\/\/pradorey.es\/wp-content\/uploads\/2018\/04\/IFS-300x300.png 300w, https:\/\/pradorey.es\/wp-content\/uploads\/2018\/04\/IFS-100x100.png 100w\" sizes=\"(max-width: 340px) 100vw, 340px\" \/>\t\t\t\t\t\t\t\t\t\t\t\t\t\t\t<\/div>\n\t\t\t\t<\/div>\n\t\t\t\t<\/div>\n\t\t<div class=\"elementor-element elementor-element-4d42958 e-con-full e-flex e-con e-child\" data-id=\"4d42958\" data-element_type=\"container\" data-e-type=\"container\">\n\t\t\t\t<div class=\"elementor-element elementor-element-f5df166 elementor-widget-mobile__width-initial elementor-widget elementor-widget-image\" data-id=\"f5df166\" data-element_type=\"widget\" data-e-type=\"widget\" data-widget_type=\"image.default\">\n\t\t\t\t<div class=\"elementor-widget-container\">\n\t\t\t\t\t\t\t\t\t\t\t\t\t\t\t<img loading=\"lazy\" decoding=\"async\" width=\"340\" height=\"341\" src=\"https:\/\/pradorey.es\/wp-content\/uploads\/2018\/04\/BRC.png\" class=\"attachment-large size-large wp-image-187647\" alt=\"BRC\" srcset=\"https:\/\/pradorey.es\/wp-content\/uploads\/2018\/04\/BRC.png 340w, https:\/\/pradorey.es\/wp-content\/uploads\/2018\/04\/BRC-150x150.png 150w, https:\/\/pradorey.es\/wp-content\/uploads\/2018\/04\/BRC-300x300.png 300w, https:\/\/pradorey.es\/wp-content\/uploads\/2018\/04\/BRC-100x100.png 100w\" sizes=\"(max-width: 340px) 100vw, 340px\" \/>\t\t\t\t\t\t\t\t\t\t\t\t\t\t\t<\/div>\n\t\t\t\t<\/div>\n\t\t\t\t<\/div>\n\t\t\t\t\t<\/div>\n\t\t\t\t<\/div>\n\t\t<div class=\"elementor-element elementor-element-7133c79 e-flex e-con-boxed e-con e-parent\" data-id=\"7133c79\" data-element_type=\"container\" data-e-type=\"container\" id=\"pagos\" data-settings=\"{&quot;motion_fx_motion_fx_scrolling&quot;:&quot;yes&quot;,&quot;background_background&quot;:&quot;classic&quot;,&quot;motion_fx_devices&quot;:[&quot;desktop&quot;,&quot;tablet&quot;,&quot;mobile&quot;]}\">\n\t\t\t\t\t<div class=\"e-con-inner\">\n\t\t<div class=\"elementor-element elementor-element-4c7d9fc e-con-full e-flex e-con e-child\" data-id=\"4c7d9fc\" data-element_type=\"container\" data-e-type=\"container\" data-settings=\"{&quot;background_background&quot;:&quot;classic&quot;}\">\n\t\t\t\t<\/div>\n\t\t<div class=\"elementor-element elementor-element-c67e37f e-con-full e-flex e-con e-child\" data-id=\"c67e37f\" data-element_type=\"container\" data-e-type=\"container\">\n\t\t\t\t<div class=\"elementor-element elementor-element-f0e2ccf elementor-widget elementor-widget-heading\" data-id=\"f0e2ccf\" data-element_type=\"widget\" data-e-type=\"widget\" data-widget_type=\"heading.default\">\n\t\t\t\t<div class=\"elementor-widget-container\">\n\t\t\t\t\t<h2 class=\"elementor-heading-title elementor-size-default\">Die Weinlagen<\/h2>\t\t\t\t<\/div>\n\t\t\t\t<\/div>\n\t\t\t\t<div class=\"elementor-element elementor-element-8a8c357 elementor-widget elementor-widget-heading\" data-id=\"8a8c357\" data-element_type=\"widget\" data-e-type=\"widget\" data-widget_type=\"heading.default\">\n\t\t\t\t<div class=\"elementor-widget-container\">\n\t\t\t\t\t<h2 class=\"elementor-heading-title elementor-size-default\">DIE GR\u00d6SSTE WEINFL\u00c4CHE DES ANBAUGEBIETS RIBERA DEL DUERO<\/h2>\t\t\t\t<\/div>\n\t\t\t\t<\/div>\n\t\t\t\t<div class=\"elementor-element elementor-element-1bd450c elementor-widget elementor-widget-text-editor\" data-id=\"1bd450c\" data-element_type=\"widget\" data-e-type=\"widget\" data-widget_type=\"text-editor.default\">\n\t\t\t\t<div class=\"elementor-widget-container\">\n\t\t\t\t\t\t\t\t\t<p>Bei PRADOREY verf\u00fcgen wir \u00fcber 550 Hektar eigene Weinberge, die es uns erm\u00f6glichen, Jahr f\u00fcr Jahr die Qualit\u00e4t unserer Weine zu kontrollieren und zu garantieren. Der Weinberg besteht aus 12 deutlich unterscheidbaren Bereichen, abh\u00e4ngig von H\u00f6he, Ausrichtung und Boden: Hoyo Dornajo, La Mina, Prado del Rey, Salg\u00fcero, El Pino, Los Robles, Valdelayegua, La Recorba, Los Quemados, Las Tasugueras, Hoyo del Espino und Hoyo del Colmenar.<br data-start=\"2736\" data-end=\"2739\" \/>In jedem Weinberg wird gr\u00f6\u00dfte Sorgfalt auf die verschiedenen Rebsorten und Klone gelegt, die dort angebaut werden, haupts\u00e4chlich Tempranillo, Cabernet Sauvignon und Merlot.<br data-start=\"2911\" data-end=\"2914\" \/>F\u00fcr diese Pflanzungen wurden \u00fcber 100 Jahre alte Rebst\u00f6cke aus verschiedenen Gebieten der Ribera del Duero ausgew\u00e4hlt, wodurch einige einzigartige und pr\u00e4phylloxerische Sorten wiedergewonnen wurden, wie zum Beispiel der Elite-Klon.<\/p>\n\t\t\t\t\t\t\t\t<\/div>\n\t\t\t\t<\/div>\n\t\t\t\t<div class=\"elementor-element elementor-element-8a19223 elementor-button-info elementor-widget elementor-widget-button\" data-id=\"8a19223\" data-element_type=\"widget\" data-e-type=\"widget\" data-widget_type=\"button.default\">\n\t\t\t\t<div class=\"elementor-widget-container\">\n\t\t\t\t\t\t\t\t\t<div class=\"elementor-button-wrapper\">\n\t\t\t\t\t<a class=\"elementor-button elementor-button-link elementor-size-sm\" href=\"https:\/\/pradorey.es\/de\/anwesen\/die-parzellen\/\">\n\t\t\t\t\t\t<span class=\"elementor-button-content-wrapper\">\n\t\t\t\t\t\t\t\t\t<span class=\"elementor-button-text\">ENTDECKEN SIE JEDE EINZELNE UNSERER WEINLAGEN<\/span>\n\t\t\t\t\t<\/span>\n\t\t\t\t\t<\/a>\n\t\t\t\t<\/div>\n\t\t\t\t\t\t\t\t<\/div>\n\t\t\t\t<\/div>\n\t\t\t\t<\/div>\n\t\t\t\t\t<\/div>\n\t\t\t\t<\/div>\n\t\t<div class=\"elementor-element elementor-element-b46d7a2 e-flex e-con-boxed e-con e-parent\" data-id=\"b46d7a2\" data-element_type=\"container\" data-e-type=\"container\" id=\"bodega\" data-settings=\"{&quot;motion_fx_motion_fx_scrolling&quot;:&quot;yes&quot;,&quot;background_background&quot;:&quot;classic&quot;,&quot;motion_fx_devices&quot;:[&quot;desktop&quot;,&quot;tablet&quot;,&quot;mobile&quot;]}\">\n\t\t\t\t\t<div class=\"e-con-inner\">\n\t\t<div class=\"elementor-element elementor-element-7cb9cdc e-con-full e-flex e-con e-child\" data-id=\"7cb9cdc\" data-element_type=\"container\" data-e-type=\"container\">\n\t\t\t\t<div class=\"elementor-element elementor-element-ace1bcc elementor-widget elementor-widget-heading\" data-id=\"ace1bcc\" data-element_type=\"widget\" data-e-type=\"widget\" data-widget_type=\"heading.default\">\n\t\t\t\t<div class=\"elementor-widget-container\">\n\t\t\t\t\t<h2 class=\"elementor-heading-title elementor-size-default\">DIE WEINKELLEREI<\/h2>\t\t\t\t<\/div>\n\t\t\t\t<\/div>\n\t\t\t\t<div class=\"elementor-element elementor-element-afc6f2f elementor-widget elementor-widget-heading\" data-id=\"afc6f2f\" data-element_type=\"widget\" data-e-type=\"widget\" data-widget_type=\"heading.default\">\n\t\t\t\t<div class=\"elementor-widget-container\">\n\t\t\t\t\t<h2 class=\"elementor-heading-title elementor-size-default\">DIE WEINKELLEREI, DIE JEDER BESUCHEN M\u00d6CHTE<\/h2>\t\t\t\t<\/div>\n\t\t\t\t<\/div>\n\t\t\t\t<div class=\"elementor-element elementor-element-5a47b6b elementor-widget elementor-widget-text-editor\" data-id=\"5a47b6b\" data-element_type=\"widget\" data-e-type=\"widget\" data-widget_type=\"text-editor.default\">\n\t\t\t\t<div class=\"elementor-widget-container\">\n\t\t\t\t\t\t\t\t\t<p>Die Kellerei wurde in Harmonie mit ihrer nat\u00fcrlichen Umgebung gebaut. Sie liegt teilweise unterirdisch in den Hang integriert und folgt der jahrhundertealten Tradition der umliegenden D\u00f6rfer, um die optimalen Temperatur- und Feuchtigkeitsbedingungen f\u00fcr die Reifung der Weine konstant zu halten.<\/p>\n<p>Im Inneren weist\u00a0 die Kellerei ein neues System zur Stapelung von F\u00e4ssern mit Metallschwellengestellen auf, die ein originelles und effizienten Geflecht mit waben\u00e4hnlicher Silhouette bilden. Die Weinkellerei verf\u00fcgt au\u00dferdem \u00fcber eine automatische Fasswaschanlage und einen Raum mit franz\u00f6sischen Eichenkegeln aus Nevers, die jeweils 21.000 Liter fassen, die den Ausbau der Weine in den traditionellen 225- und 300-Liter-Barriques aus franz\u00f6sischer, amerikanischer und mitteleurop\u00e4ischer Eiche erg\u00e4nzt.<\/p>\n<p>&nbsp;<\/p>\n\t\t\t\t\t\t\t\t<\/div>\n\t\t\t\t<\/div>\n\t\t\t\t<div class=\"elementor-element elementor-element-caef3c7 elementor-button-info elementor-widget elementor-widget-button\" data-id=\"caef3c7\" data-element_type=\"widget\" data-e-type=\"widget\" data-widget_type=\"button.default\">\n\t\t\t\t<div class=\"elementor-widget-container\">\n\t\t\t\t\t\t\t\t\t<div class=\"elementor-button-wrapper\">\n\t\t\t\t\t<a class=\"elementor-button elementor-button-link elementor-size-sm\" href=\"https:\/\/pradorey.es\/de\/los-vinos\/\">\n\t\t\t\t\t\t<span class=\"elementor-button-content-wrapper\">\n\t\t\t\t\t\t\t\t\t<span class=\"elementor-button-text\">BESUCHEN SIE PRADOREY<\/span>\n\t\t\t\t\t<\/span>\n\t\t\t\t\t<\/a>\n\t\t\t\t<\/div>\n\t\t\t\t\t\t\t\t<\/div>\n\t\t\t\t<\/div>\n\t\t\t\t<\/div>\n\t\t<div class=\"elementor-element elementor-element-b6bc344 e-con-full e-flex e-con e-child\" data-id=\"b6bc344\" data-element_type=\"container\" data-e-type=\"container\" data-settings=\"{&quot;background_background&quot;:&quot;classic&quot;}\">\n\t\t\t\t<\/div>\n\t\t\t\t\t<\/div>\n\t\t\t\t<\/div>\n\t\t<div class=\"elementor-element elementor-element-f9a9668 e-flex e-con-boxed e-con e-parent\" data-id=\"f9a9668\" data-element_type=\"container\" data-e-type=\"container\" id=\"presa\" data-settings=\"{&quot;motion_fx_motion_fx_scrolling&quot;:&quot;yes&quot;,&quot;background_background&quot;:&quot;classic&quot;,&quot;motion_fx_devices&quot;:[&quot;desktop&quot;,&quot;tablet&quot;,&quot;mobile&quot;]}\">\n\t\t\t\t\t<div class=\"e-con-inner\">\n\t\t<div class=\"elementor-element elementor-element-10db455 e-con-full e-flex e-con e-child\" data-id=\"10db455\" data-element_type=\"container\" data-e-type=\"container\" data-settings=\"{&quot;background_background&quot;:&quot;classic&quot;}\">\n\t\t\t\t<\/div>\n\t\t<div class=\"elementor-element elementor-element-1d8765e e-con-full e-flex e-con e-child\" data-id=\"1d8765e\" data-element_type=\"container\" data-e-type=\"container\">\n\t\t\t\t<div class=\"elementor-element elementor-element-005d881 elementor-widget elementor-widget-heading\" data-id=\"005d881\" data-element_type=\"widget\" data-e-type=\"widget\" data-widget_type=\"heading.default\">\n\t\t\t\t<div class=\"elementor-widget-container\">\n\t\t\t\t\t<h2 class=\"elementor-heading-title elementor-size-default\">LADER STAUDAMM<\/h2>\t\t\t\t<\/div>\n\t\t\t\t<\/div>\n\t\t\t\t<div class=\"elementor-element elementor-element-8427493 elementor-widget elementor-widget-heading\" data-id=\"8427493\" data-element_type=\"widget\" data-e-type=\"widget\" data-widget_type=\"heading.default\">\n\t\t\t\t<div class=\"elementor-widget-container\">\n\t\t\t\t\t<h2 class=\"elementor-heading-title elementor-size-default\">ERNEUERBARE ENERGIEQUELLE<\/h2>\t\t\t\t<\/div>\n\t\t\t\t<\/div>\n\t\t\t\t<div class=\"elementor-element elementor-element-2deb235 elementor-widget elementor-widget-text-editor\" data-id=\"2deb235\" data-element_type=\"widget\" data-e-type=\"widget\" data-widget_type=\"text-editor.default\">\n\t\t\t\t<div class=\"elementor-widget-container\">\n\t\t\t\t\t\t\t\t\t<p>Im Jahre 1921 wurde auf den Ruinen einer ersten 1858 dokumentierten Investition ein Staudamm gebaut, der zwei Jahre sp\u00e4ter durch die au\u00dfergew\u00f6hnlichste jemals dokumentierte \u00dcberschwemmung des Duero zerst\u00f6rt wurde.<\/p>\n<p>Schon damals wurde die erzeugte Energie f\u00fcr industrielle Zwecke, zum Pumpen von Wasser f\u00fcr die Bew\u00e4sserung und die Mechanisierung des Betriebs mit Hilfe eines elektrischen Pfluges verbraucht.<\/p>\n<p>Derzeit besteht dieser \u00dcberlaufdamm mit einem H\u00f6henunterschied von 4 Metern und einer Durchflussmenge von 3.000 Litern pro Sekunde aus 2 Francis-Turbinen mit vertikaler Achse und Synchrongeneratoren von je 270 KW. Au\u00dferdem verf\u00fcgt er \u00fcber 3 Wasserpumpen mit je 110 PS zur Bew\u00e4sserung der verschiedenen Kulturen auf dem Hof.<\/p>\n\t\t\t\t\t\t\t\t<\/div>\n\t\t\t\t<\/div>\n\t\t\t\t<\/div>\n\t\t\t\t\t<\/div>\n\t\t\t\t<\/div>\n\t\t<div class=\"elementor-element elementor-element-815a73b e-flex e-con-boxed e-con e-parent\" data-id=\"815a73b\" data-element_type=\"container\" data-e-type=\"container\" id=\"posada\" data-settings=\"{&quot;motion_fx_motion_fx_scrolling&quot;:&quot;yes&quot;,&quot;background_background&quot;:&quot;classic&quot;,&quot;motion_fx_devices&quot;:[&quot;desktop&quot;,&quot;tablet&quot;,&quot;mobile&quot;]}\">\n\t\t\t\t\t<div class=\"e-con-inner\">\n\t\t<div class=\"elementor-element elementor-element-c51d18a e-con-full e-flex e-con e-child\" data-id=\"c51d18a\" data-element_type=\"container\" data-e-type=\"container\">\n\t\t\t\t<div class=\"elementor-element elementor-element-a491e7c elementor-widget elementor-widget-heading\" data-id=\"a491e7c\" data-element_type=\"widget\" data-e-type=\"widget\" data-widget_type=\"heading.default\">\n\t\t\t\t<div class=\"elementor-widget-container\">\n\t\t\t\t\t<h2 class=\"elementor-heading-title elementor-size-default\">GASTHOF<\/h2>\t\t\t\t<\/div>\n\t\t\t\t<\/div>\n\t\t\t\t<div class=\"elementor-element elementor-element-c83b4f5 elementor-widget elementor-widget-heading\" data-id=\"c83b4f5\" data-element_type=\"widget\" data-e-type=\"widget\" data-widget_type=\"heading.default\">\n\t\t\t\t<div class=\"elementor-widget-container\">\n\t\t\t\t\t<h2 class=\"elementor-heading-title elementor-size-default\">SCHLAFEN WIE EIN K\u00d6NIG IM HERZEN DER RIBERA DEL DUERO<\/h2>\t\t\t\t<\/div>\n\t\t\t\t<\/div>\n\t\t\t\t<div class=\"elementor-element elementor-element-594ea46 elementor-widget elementor-widget-text-editor\" data-id=\"594ea46\" data-element_type=\"widget\" data-e-type=\"widget\" data-widget_type=\"text-editor.default\">\n\t\t\t\t<div class=\"elementor-widget-container\">\n\t\t\t\t\t\t\t\t\t<p>Der GASTHOF, der im 17. Jahrhundert vom Herzog von Lerma f\u00fcr K\u00f6nig Philipp III. und seine illustren G\u00e4ste wie Rubens oder Lope de Vega erbaut wurde, wurde 2003 zur Unterkunft umfunktioniert.<\/p>\n<p>Der n\u00fcchtern im Herrerianischen Stil gehaltene Palast mit ausgewogenen Proportionen und Formen bewahrt seine urspr\u00fcngliche Au\u00dfenarchitektur. Die Hauptfassade mit dem Balkon und den Wappen der Adelsh\u00e4user von Lerma und Medinaceli ist repr\u00e4sentativ f\u00fcr das emblematische Geb\u00e4ude.<\/p>\n<p>Neben den 18 Zimmern, die auf zwei Etagen verteilt sind, verf\u00fcgt der GASTHOF \u00fcber einen Speisesaal, einen Aufenthaltsraum, eine Cafeteria, einen Spielplatz, Swimmingpool, G\u00e4rten, Sportanlagen (Padel-, Tennis- und Mehrzwecksportplatz sowie Wander-, Jogging- und Fahrradwege) und einen Parkplatz.<\/p>\n\t\t\t\t\t\t\t\t<\/div>\n\t\t\t\t<\/div>\n\t\t\t\t<div class=\"elementor-element elementor-element-5de5d88 elementor-button-info elementor-widget elementor-widget-button\" data-id=\"5de5d88\" data-element_type=\"widget\" data-e-type=\"widget\" data-widget_type=\"button.default\">\n\t\t\t\t<div class=\"elementor-widget-container\">\n\t\t\t\t\t\t\t\t\t<div class=\"elementor-button-wrapper\">\n\t\t\t\t\t<a class=\"elementor-button elementor-button-link elementor-size-sm\" href=\"https:\/\/pradorey.es\/de\/die-herberge\/\">\n\t\t\t\t\t\t<span class=\"elementor-button-content-wrapper\">\n\t\t\t\t\t\t\t\t\t<span class=\"elementor-button-text\">ZIMMER BUCHEN<\/span>\n\t\t\t\t\t<\/span>\n\t\t\t\t\t<\/a>\n\t\t\t\t<\/div>\n\t\t\t\t\t\t\t\t<\/div>\n\t\t\t\t<\/div>\n\t\t\t\t<\/div>\n\t\t<div class=\"elementor-element elementor-element-281c119 e-con-full e-flex e-con e-child\" data-id=\"281c119\" data-element_type=\"container\" data-e-type=\"container\" data-settings=\"{&quot;background_background&quot;:&quot;classic&quot;}\">\n\t\t\t\t<\/div>\n\t\t\t\t\t<\/div>\n\t\t\t\t<\/div>\n\t\t<div class=\"elementor-element elementor-element-246ae60 e-flex e-con-boxed e-con e-parent\" data-id=\"246ae60\" data-element_type=\"container\" data-e-type=\"container\" id=\"ermita\" data-settings=\"{&quot;motion_fx_motion_fx_scrolling&quot;:&quot;yes&quot;,&quot;background_background&quot;:&quot;classic&quot;,&quot;motion_fx_devices&quot;:[&quot;desktop&quot;,&quot;tablet&quot;,&quot;mobile&quot;]}\">\n\t\t\t\t\t<div class=\"e-con-inner\">\n\t\t<div class=\"elementor-element elementor-element-b89fd11 e-con-full e-flex e-con e-child\" data-id=\"b89fd11\" data-element_type=\"container\" data-e-type=\"container\" data-settings=\"{&quot;background_background&quot;:&quot;classic&quot;}\">\n\t\t\t\t<\/div>\n\t\t<div class=\"elementor-element elementor-element-8d056c2 e-con-full e-flex e-con e-child\" data-id=\"8d056c2\" data-element_type=\"container\" data-e-type=\"container\">\n\t\t\t\t<div class=\"elementor-element elementor-element-ae14173 elementor-widget elementor-widget-heading\" data-id=\"ae14173\" data-element_type=\"widget\" data-e-type=\"widget\" data-widget_type=\"heading.default\">\n\t\t\t\t<div class=\"elementor-widget-container\">\n\t\t\t\t\t<h2 class=\"elementor-heading-title elementor-size-default\">KAPELLE SAN ANDR\u00c9S<\/h2>\t\t\t\t<\/div>\n\t\t\t\t<\/div>\n\t\t\t\t<div class=\"elementor-element elementor-element-369b202 elementor-widget elementor-widget-heading\" data-id=\"369b202\" data-element_type=\"widget\" data-e-type=\"widget\" data-widget_type=\"heading.default\">\n\t\t\t\t<div class=\"elementor-widget-container\">\n\t\t\t\t\t<h2 class=\"elementor-heading-title elementor-size-default\">EIN JUWEL DER VERGANGENHEIT<\/h2>\t\t\t\t<\/div>\n\t\t\t\t<\/div>\n\t\t\t\t<div class=\"elementor-element elementor-element-cfaa30a elementor-widget elementor-widget-text-editor\" data-id=\"cfaa30a\" data-element_type=\"widget\" data-e-type=\"widget\" data-widget_type=\"text-editor.default\">\n\t\t\t\t<div class=\"elementor-widget-container\">\n\t\t\t\t\t\t\t\t\t<p>Neben dem GASTHOF befindet sich eine einfache Kapelle, die im 16. Jh. erbaut und in den 1950er Jahren restauriert wurde mit einem Originaltaufbecken aus dem 14. Jh. und einem pr\u00e4chtigen Altarbild aus dem sp\u00e4ten 15. Jh. im zarten spanisch-fl\u00e4mischen Stil.<\/p>\n<p>Eine Schnitzfigur des Heiligen Andreas unter einem riesigen Baldachin pr\u00e4sidiert \u00fcber einer Gruppe mit Predella und zwei oberen K\u00f6rpern, die mit goldenen Filigranarbeiten verziert sind. Auf den sechs unteren Tafeln, die von au\u00dfergew\u00f6hnlicher Qualit\u00e4t sind und von einem anderen Autor als die acht oberen Gem\u00e4lde stammen, wird das Leben des dargestellten Heiligen erz\u00e4hlt und die vier Evangelisten, die hier von der heiligen Katharina und der heiligen Barbara begleitet werden, dargestellt.<\/p>\n<p>&nbsp;<\/p>\n\t\t\t\t\t\t\t\t<\/div>\n\t\t\t\t<\/div>\n\t\t\t\t<\/div>\n\t\t\t\t\t<\/div>\n\t\t\t\t<\/div>\n\t\t<div class=\"elementor-element elementor-element-d01e6db e-flex e-con-boxed e-con e-parent\" data-id=\"d01e6db\" data-element_type=\"container\" data-e-type=\"container\" id=\"vaqueria\" data-settings=\"{&quot;motion_fx_motion_fx_scrolling&quot;:&quot;yes&quot;,&quot;background_background&quot;:&quot;classic&quot;,&quot;motion_fx_devices&quot;:[&quot;desktop&quot;,&quot;tablet&quot;,&quot;mobile&quot;]}\">\n\t\t\t\t\t<div class=\"e-con-inner\">\n\t\t<div class=\"elementor-element elementor-element-b74df48 e-con-full e-flex e-con e-child\" data-id=\"b74df48\" data-element_type=\"container\" data-e-type=\"container\">\n\t\t\t\t<div class=\"elementor-element elementor-element-b51763a elementor-widget elementor-widget-heading\" data-id=\"b51763a\" data-element_type=\"widget\" data-e-type=\"widget\" data-widget_type=\"heading.default\">\n\t\t\t\t<div class=\"elementor-widget-container\">\n\t\t\t\t\t<h2 class=\"elementor-heading-title elementor-size-default\">DIE RINDERZUCHT<\/h2>\t\t\t\t<\/div>\n\t\t\t\t<\/div>\n\t\t\t\t<div class=\"elementor-element elementor-element-d427e1a elementor-widget elementor-widget-heading\" data-id=\"d427e1a\" data-element_type=\"widget\" data-e-type=\"widget\" data-widget_type=\"heading.default\">\n\t\t\t\t<div class=\"elementor-widget-container\">\n\t\t\t\t\t<h2 class=\"elementor-heading-title elementor-size-default\">TEIL UNSERER KREISLAUFLANDWIRTSCHAFT<\/h2>\t\t\t\t<\/div>\n\t\t\t\t<\/div>\n\t\t\t\t<div class=\"elementor-element elementor-element-c258994 elementor-widget elementor-widget-text-editor\" data-id=\"c258994\" data-element_type=\"widget\" data-e-type=\"widget\" data-widget_type=\"text-editor.default\">\n\t\t\t\t<div class=\"elementor-widget-container\">\n\t\t\t\t\t\t\t\t\t<p>Die Viehzucht in PRADOREY begann 1900, aber erst 1928 wurde die gewerbliche Milchproduktion aufgenommen. Seit ihrer Gr\u00fcndung ist die Molkerei ein Vorbild f\u00fcr Innovation und Qualit\u00e4t. So wurden bereits in den 1940er Jahren Magermilch, Milchpulver und Butter hergestellt.<\/p>\n<p>Derzeit gilt sie mit etwa 800 friesischen K\u00fchen als einer der landwirtschaftlichen Betriebe in Spanien, der als einer der wenigen nach dem amerikanischen PMO-Qualit\u00e4tsstandard zertifiziert ist, der mit eingehenden Kontrollen viertelj\u00e4hrlich erneuert wird. Andererseits dient uns der von den Rindern erzeugte Mist als nat\u00fcrlicher D\u00fcnger f\u00fcr die Kulturen auf dem Hof.<\/p>\n\t\t\t\t\t\t\t\t<\/div>\n\t\t\t\t<\/div>\n\t\t\t\t<\/div>\n\t\t<div class=\"elementor-element elementor-element-72cb44a e-con-full e-flex e-con e-child\" data-id=\"72cb44a\" data-element_type=\"container\" data-e-type=\"container\" data-settings=\"{&quot;background_background&quot;:&quot;classic&quot;}\">\n\t\t\t\t<\/div>\n\t\t\t\t\t<\/div>\n\t\t\t\t<\/div>\n\t\t<div class=\"elementor-element elementor-element-f438af5 e-flex e-con-boxed e-con e-parent\" data-id=\"f438af5\" data-element_type=\"container\" data-e-type=\"container\" id=\"apriscos\" data-settings=\"{&quot;motion_fx_motion_fx_scrolling&quot;:&quot;yes&quot;,&quot;background_background&quot;:&quot;classic&quot;,&quot;motion_fx_devices&quot;:[&quot;desktop&quot;,&quot;tablet&quot;,&quot;mobile&quot;]}\">\n\t\t\t\t\t<div class=\"e-con-inner\">\n\t\t<div class=\"elementor-element elementor-element-a6a6c58 e-con-full e-flex e-con e-child\" data-id=\"a6a6c58\" data-element_type=\"container\" data-e-type=\"container\" data-settings=\"{&quot;background_background&quot;:&quot;classic&quot;}\">\n\t\t\t\t<\/div>\n\t\t<div class=\"elementor-element elementor-element-39e9ded e-con-full e-flex e-con e-child\" data-id=\"39e9ded\" data-element_type=\"container\" data-e-type=\"container\">\n\t\t\t\t<div class=\"elementor-element elementor-element-eef234e elementor-widget elementor-widget-heading\" data-id=\"eef234e\" data-element_type=\"widget\" data-e-type=\"widget\" data-widget_type=\"heading.default\">\n\t\t\t\t<div class=\"elementor-widget-container\">\n\t\t\t\t\t<h2 class=\"elementor-heading-title elementor-size-default\">SCHAFPFERCHE<\/h2>\t\t\t\t<\/div>\n\t\t\t\t<\/div>\n\t\t\t\t<div class=\"elementor-element elementor-element-9eaa9a9 elementor-widget elementor-widget-heading\" data-id=\"9eaa9a9\" data-element_type=\"widget\" data-e-type=\"widget\" data-widget_type=\"heading.default\">\n\t\t\t\t<div class=\"elementor-widget-container\">\n\t\t\t\t\t<h2 class=\"elementor-heading-title elementor-size-default\">EINHEIMISCHE VIEHZUCHT<\/h2>\t\t\t\t<\/div>\n\t\t\t\t<\/div>\n\t\t\t\t<div class=\"elementor-element elementor-element-1981a0d elementor-widget elementor-widget-text-editor\" data-id=\"1981a0d\" data-element_type=\"widget\" data-e-type=\"widget\" data-widget_type=\"text-editor.default\">\n\t\t\t\t<div class=\"elementor-widget-container\">\n\t\t\t\t\t\t\t\t\t<p>Einfache Bauten, die dem Sch\u00e4fer Schutz bieten und die Schafherde vor schlechtem Wetter und Raubtieren bewahren.<\/p>\n<p>In PRADOREY gibt es eine Herde mit ca. 1800 Schafen, die meisten davon der heimischen Churra-Rasse, deren Fleisch und Milch sehr gesch\u00e4tzt werden. Mit dieser Milch werden die leckeren traditionellen K\u00e4sesorten hergestellt, die sowohl im Gasthof als auch bei den Weinbesichtigungen von PRADOREY verkostet werden k\u00f6nnen.<\/p>\n\t\t\t\t\t\t\t\t<\/div>\n\t\t\t\t<\/div>\n\t\t\t\t<\/div>\n\t\t\t\t\t<\/div>\n\t\t\t\t<\/div>\n\t\t<div class=\"elementor-element elementor-element-fddb610 e-flex e-con-boxed e-con e-parent\" data-id=\"fddb610\" data-element_type=\"container\" data-e-type=\"container\" id=\"huerto\" data-settings=\"{&quot;motion_fx_motion_fx_scrolling&quot;:&quot;yes&quot;,&quot;background_background&quot;:&quot;classic&quot;,&quot;motion_fx_devices&quot;:[&quot;desktop&quot;,&quot;tablet&quot;,&quot;mobile&quot;]}\">\n\t\t\t\t\t<div class=\"e-con-inner\">\n\t\t<div class=\"elementor-element elementor-element-25a38ef e-con-full e-flex e-con e-child\" data-id=\"25a38ef\" data-element_type=\"container\" data-e-type=\"container\">\n\t\t\t\t<div class=\"elementor-element elementor-element-4631093 elementor-widget elementor-widget-heading\" data-id=\"4631093\" data-element_type=\"widget\" data-e-type=\"widget\" data-widget_type=\"heading.default\">\n\t\t\t\t<div class=\"elementor-widget-container\">\n\t\t\t\t\t<h2 class=\"elementor-heading-title elementor-size-default\">DIE PHOTOVOLTAIKFREIFL\u00c4CHENLAGE<\/h2>\t\t\t\t<\/div>\n\t\t\t\t<\/div>\n\t\t\t\t<div class=\"elementor-element elementor-element-e6e3df0 elementor-widget elementor-widget-heading\" data-id=\"e6e3df0\" data-element_type=\"widget\" data-e-type=\"widget\" data-widget_type=\"heading.default\">\n\t\t\t\t<div class=\"elementor-widget-container\">\n\t\t\t\t\t<h2 class=\"elementor-heading-title elementor-size-default\">NUTZUNG VON ENERGIERESSOURCEN<\/h2>\t\t\t\t<\/div>\n\t\t\t\t<\/div>\n\t\t\t\t<div class=\"elementor-element elementor-element-43c307c elementor-widget elementor-widget-text-editor\" data-id=\"43c307c\" data-element_type=\"widget\" data-e-type=\"widget\" data-widget_type=\"text-editor.default\">\n\t\t\t\t<div class=\"elementor-widget-container\">\n\t\t\t\t\t\t\t\t\t<p>Der Photovoltaik-Park von PRADOREY erstreckt sich auf einer Fl\u00e4che von mehr als 3 Hektar auf dem Landgut \u201eLa Recorba\u201c. Er ist seit 2006 in Betrieb und besteht aus 640 Photovoltaikmodulen, die eine Spitzenleistung von 121.600 W erreichen k\u00f6nnen.<\/p>\n\t\t\t\t\t\t\t\t<\/div>\n\t\t\t\t<\/div>\n\t\t\t\t<\/div>\n\t\t<div class=\"elementor-element elementor-element-2f03911 e-con-full e-flex e-con e-child\" data-id=\"2f03911\" data-element_type=\"container\" data-e-type=\"container\" data-settings=\"{&quot;background_background&quot;:&quot;classic&quot;}\">\n\t\t\t\t<\/div>\n\t\t\t\t\t<\/div>\n\t\t\t\t<\/div>\n\t\t\t\t<\/div>\n\t\t","protected":false},"excerpt":{"rendered":"<p>DAS LANDGUT PRADOREY ein Beispiel f\u00fcr Innovation und Nachhaltigkeit Wir sind eine Bodega mit Pioniergeist. Wir sind stets bem\u00fcht, die Grenzen und M\u00f6glichkeiten unseres Weinguts auszuloten, indem wir Tradition und technologischen Fortschritt mit dem Respekt vor dem Boden und der Traube verbinden. Dabei steht immer die maximale Qualit\u00e4t im Vordergrund, wir haben uns der Sorge [&hellip;]<\/p>\n","protected":false},"author":10,"featured_media":0,"parent":0,"menu_order":0,"comment_status":"closed","ping_status":"closed","template":"","meta":{"_acf_changed":false,"footnotes":""},"class_list":["post-65829","page","type-page","status-publish","hentry"],"acf":[],"_links":{"self":[{"href":"https:\/\/pradorey.es\/de\/wp-json\/wp\/v2\/pages\/65829","targetHints":{"allow":["GET"]}}],"collection":[{"href":"https:\/\/pradorey.es\/de\/wp-json\/wp\/v2\/pages"}],"about":[{"href":"https:\/\/pradorey.es\/de\/wp-json\/wp\/v2\/types\/page"}],"author":[{"embeddable":true,"href":"https:\/\/pradorey.es\/de\/wp-json\/wp\/v2\/users\/10"}],"replies":[{"embeddable":true,"href":"https:\/\/pradorey.es\/de\/wp-json\/wp\/v2\/comments?post=65829"}],"version-history":[{"count":2,"href":"https:\/\/pradorey.es\/de\/wp-json\/wp\/v2\/pages\/65829\/revisions"}],"predecessor-version":[{"id":187652,"href":"https:\/\/pradorey.es\/de\/wp-json\/wp\/v2\/pages\/65829\/revisions\/187652"}],"wp:attachment":[{"href":"https:\/\/pradorey.es\/de\/wp-json\/wp\/v2\/media?parent=65829"}],"curies":[{"name":"wp","href":"https:\/\/api.w.org\/{rel}","templated":true}]}}